{"id":10,"date":"2024-05-02T17:25:22","date_gmt":"2024-05-02T15:25:22","guid":{"rendered":"https:\/\/observatorios.uo.edu.cu\/desarrollo-local\/?page_id=10"},"modified":"2024-05-03T15:46:54","modified_gmt":"2024-05-03T19:46:54","slug":"acerca-del-municipio","status":"publish","type":"page","link":"https:\/\/observatorios.uo.edu.cu\/desarrollo-local\/acerca-del-municipio\/","title":{"rendered":"Acerca del Municipio"},"content":{"rendered":"\t\t<div data-elementor-type=\"wp-page\" data-elementor-id=\"10\" class=\"elementor elementor-10\">\n\t\t\t\t<div class=\"elementor-element elementor-element-59f0c8d e-flex e-con-boxed e-con e-parent\" data-id=\"59f0c8d\" data-element_type=\"container\" data-e-type=\"container\">\n\t\t\t\t\t<div class=\"e-con-inner\">\n\t\t\t\t<div class=\"elementor-element elementor-element-7f95a1e elementor-widget elementor-widget-heading\" data-id=\"7f95a1e\" data-element_type=\"widget\" data-e-type=\"widget\" data-widget_type=\"heading.default\">\n\t\t\t\t<div class=\"elementor-widget-container\">\n\t\t\t\t\t<h2 class=\"elementor-heading-title elementor-size-default\">Municipio Songo-La Maya<\/h2>\t\t\t\t<\/div>\n\t\t\t\t<\/div>\n\t\t\t\t\t<\/div>\n\t\t\t\t<\/div>\n\t\t<div class=\"elementor-element elementor-element-702953c e-flex e-con-boxed e-con e-parent\" data-id=\"702953c\" data-element_type=\"container\" data-e-type=\"container\">\n\t\t\t\t\t<div class=\"e-con-inner\">\n\t\t\t\t<div class=\"elementor-element elementor-element-e3b8684 elementor-widget elementor-widget-image\" data-id=\"e3b8684\" data-element_type=\"widget\" data-e-type=\"widget\" data-widget_type=\"image.default\">\n\t\t\t\t<div class=\"elementor-widget-container\">\n\t\t\t\t\t\t\t\t\t\t\t\t\t\t\t<img fetchpriority=\"high\" decoding=\"async\" width=\"640\" height=\"427\" src=\"https:\/\/observatorios.uo.edu.cu\/desarrollo-local\/wp-content\/uploads\/sites\/13\/2024\/05\/PortadaLaMaya.jpg\" class=\"attachment-large size-large wp-image-39\" alt=\"\" srcset=\"https:\/\/observatorios.uo.edu.cu\/desarrollo-local\/wp-content\/uploads\/sites\/13\/2024\/05\/PortadaLaMaya.jpg 640w, https:\/\/observatorios.uo.edu.cu\/desarrollo-local\/wp-content\/uploads\/sites\/13\/2024\/05\/PortadaLaMaya-300x200.jpg 300w\" sizes=\"(max-width: 640px) 100vw, 640px\" \/>\t\t\t\t\t\t\t\t\t\t\t\t\t\t\t<\/div>\n\t\t\t\t<\/div>\n\t\t\t\t\t<\/div>\n\t\t\t\t<\/div>\n\t\t<div class=\"elementor-element elementor-element-004693e e-flex e-con-boxed e-con e-parent\" data-id=\"004693e\" data-element_type=\"container\" data-e-type=\"container\">\n\t\t\t\t\t<div class=\"e-con-inner\">\n\t\t\t\t<div class=\"elementor-element elementor-element-64deab1 elementor-widget elementor-widget-text-editor\" data-id=\"64deab1\" data-element_type=\"widget\" data-e-type=\"widget\" data-widget_type=\"text-editor.default\">\n\t\t\t\t<div class=\"elementor-widget-container\">\n\t\t\t\t\t\t\t\t\t<p><span style=\"color: #000000;font-size: 20px;text-align: justify\">El municipio Songo La Maya presenta una extensi\u00f3n territorial de 719.83 km<\/span><span style=\"margin: 0px;padding: 0px;border: 0px;line-height: 0;vertical-align: baseline;font-size: 15px;position: relative;top: -0.5em;color: #000000;text-align: justify\">2<\/span><span style=\"color: #000000;font-size: 20px;text-align: justify\">, ocupando el 11.7% de la superficie de la provincia, cuenta una poblaci\u00f3n de 90 401 habitantes distribuidos en 16 Consejos Populares y 101 Asentamientos Poblacionales, de ellos 4 con caracter\u00edsticas urbanas y 12 rurales, tiene una densidad poblacional de 125.8 hab\/Km<\/span><span style=\"margin: 0px;padding: 0px;border: 0px;line-height: 0;vertical-align: baseline;font-size: 15px;position: relative;top: -0.5em;color: #000000;text-align: justify\">2<\/span><span style=\"color: #000000;font-size: 20px;text-align: justify\">&nbsp;y el 55,3% de la poblaci\u00f3n reside en zona rural; el poblado de La Maya se erige como la cabecera Municipal. La poblaci\u00f3n econ\u00f3micamente activa es de 51,1%, el envejecimiento poblacional es de 18%.<\/span><\/p>\t\t\t\t\t\t\t\t<\/div>\n\t\t\t\t<\/div>\n\t\t\t\t\t<\/div>\n\t\t\t\t<\/div>\n\t\t<div class=\"elementor-element elementor-element-e9eb656 e-flex e-con-boxed e-con e-parent\" data-id=\"e9eb656\" data-element_type=\"container\" data-e-type=\"container\">\n\t\t\t\t\t<div class=\"e-con-inner\">\n\t\t<div class=\"elementor-element elementor-element-0898283 e-con-full e-flex e-con e-child\" data-id=\"0898283\" data-element_type=\"container\" data-e-type=\"container\">\n\t\t\t\t<div class=\"elementor-element elementor-element-1a3086d elementor-widget elementor-widget-image\" data-id=\"1a3086d\" data-element_type=\"widget\" data-e-type=\"widget\" data-widget_type=\"image.default\">\n\t\t\t\t<div class=\"elementor-widget-container\">\n\t\t\t\t\t\t\t\t\t\t\t\t\t\t\t<img decoding=\"async\" width=\"1024\" height=\"719\" src=\"https:\/\/observatorios.uo.edu.cu\/desarrollo-local\/wp-content\/uploads\/sites\/13\/2024\/05\/songo-_la_maya_map1-1024x719.jpg\" class=\"attachment-large size-large wp-image-40\" alt=\"\" srcset=\"https:\/\/observatorios.uo.edu.cu\/desarrollo-local\/wp-content\/uploads\/sites\/13\/2024\/05\/songo-_la_maya_map1-1024x719.jpg 1024w, https:\/\/observatorios.uo.edu.cu\/desarrollo-local\/wp-content\/uploads\/sites\/13\/2024\/05\/songo-_la_maya_map1-300x211.jpg 300w, https:\/\/observatorios.uo.edu.cu\/desarrollo-local\/wp-content\/uploads\/sites\/13\/2024\/05\/songo-_la_maya_map1-768x539.jpg 768w, https:\/\/observatorios.uo.edu.cu\/desarrollo-local\/wp-content\/uploads\/sites\/13\/2024\/05\/songo-_la_maya_map1-1536x1078.jpg 1536w, https:\/\/observatorios.uo.edu.cu\/desarrollo-local\/wp-content\/uploads\/sites\/13\/2024\/05\/songo-_la_maya_map1.jpg 1920w\" sizes=\"(max-width: 1024px) 100vw, 1024px\" \/>\t\t\t\t\t\t\t\t\t\t\t\t\t\t\t<\/div>\n\t\t\t\t<\/div>\n\t\t\t\t<\/div>\n\t\t<div class=\"elementor-element elementor-element-4cadf75 e-con-full e-flex e-con e-child\" data-id=\"4cadf75\" data-element_type=\"container\" data-e-type=\"container\">\n\t\t\t\t<div class=\"elementor-element elementor-element-24408cf elementor-widget elementor-widget-text-editor\" data-id=\"24408cf\" data-element_type=\"widget\" data-e-type=\"widget\" data-widget_type=\"text-editor.default\">\n\t\t\t\t<div class=\"elementor-widget-container\">\n\t\t\t\t\t\t\t\t\t<p style=\"margin: 0px;padding: 0px;border: 0px;line-height: inherit;vertical-align: baseline;font-family: Roboto, sans-serif;font-size: 20px;font-style: normal;font-weight: 400;color: #000000;letter-spacing: normal;text-align: justify;text-indent: 0px;text-transform: none;background-color: #ffffff\">Se encuentra ubicado en el extremo sur del Valle Central y la Vertiente Meridional de la Sierra Maestra en la secci\u00f3n Gran Piedra. Sus l\u00edmites son:<\/p>\n<ul style=\"margin: 15px 0px 15px 20px;padding: 0px;line-height: inherit;font-size: 20px;font-style: normal;text-align: justify\">\n<li style=\"font-weight: 400;font-variant: inherit;line-height: inherit;font-family: inherit;font-size: 20px\"><span style=\"margin: 0px;padding: 0px;border: 0px;font-variant: inherit;line-height: inherit;vertical-align: baseline;font-family: inherit;font-style: inherit;font-weight: 700\">Norte<\/span>: con el Municipio Segundo Frente.<\/li>\n<li style=\"font-weight: 400;font-variant: inherit;line-height: inherit;font-family: inherit;font-size: 20px\"><span style=\"margin: 0px;padding: 0px;border: 0px;font-variant: inherit;line-height: inherit;vertical-align: baseline;font-family: inherit;font-style: inherit;font-weight: 700\">Sur<\/span>: con el Municipio Santiago de Cuba.<\/li>\n<li style=\"font-weight: 400;font-variant: inherit;line-height: inherit;font-family: inherit;font-size: 20px\"><span style=\"margin: 0px;padding: 0px;border: 0px;font-variant: inherit;line-height: inherit;vertical-align: baseline;font-family: inherit;font-style: inherit;font-weight: 700\">Este<\/span>: con los Municipios El Salvador y Niceto P\u00e9rez de la provincia de Guant\u00e1namo.<\/li><li style=\"font-variant: inherit;line-height: inherit;font-family: inherit;font-size: 20px\"><b>Oeste<\/b><span style=\"font-weight: inherit;font-family: inherit;font-style: inherit;background-color: var(--ast-global-color-5)\">: con el Municipio San Lu\u00eds. Se encuentra a 29 Km de la cabecera provincial.<\/span><\/li>\n<\/ul>\t\t\t\t\t\t\t\t<\/div>\n\t\t\t\t<\/div>\n\t\t\t\t<\/div>\n\t\t\t\t\t<\/div>\n\t\t\t\t<\/div>\n\t\t<div class=\"elementor-element elementor-element-aa05f58 e-flex e-con-boxed e-con e-parent\" data-id=\"aa05f58\" data-element_type=\"container\" data-e-type=\"container\">\n\t\t\t\t\t<div class=\"e-con-inner\">\n\t\t\t\t<div class=\"elementor-element elementor-element-a021e5f elementor-widget elementor-widget-heading\" data-id=\"a021e5f\" data-element_type=\"widget\" data-e-type=\"widget\" data-widget_type=\"heading.default\">\n\t\t\t\t<div class=\"elementor-widget-container\">\n\t\t\t\t\t<h2 class=\"elementor-heading-title elementor-size-default\">Centro Universitario Municipal Songo-La Maya<\/h2>\t\t\t\t<\/div>\n\t\t\t\t<\/div>\n\t\t\t\t\t<\/div>\n\t\t\t\t<\/div>\n\t\t<div class=\"elementor-element elementor-element-8c7de6f e-flex e-con-boxed e-con e-parent\" data-id=\"8c7de6f\" data-element_type=\"container\" data-e-type=\"container\">\n\t\t\t\t\t<div class=\"e-con-inner\">\n\t\t\t\t<div class=\"elementor-element elementor-element-8a530ae elementor-widget elementor-widget-text-editor\" data-id=\"8a530ae\" data-element_type=\"widget\" data-e-type=\"widget\" data-widget_type=\"text-editor.default\">\n\t\t\t\t<div class=\"elementor-widget-container\">\n\t\t\t\t\t\t\t\t\t<p><span style=\"color: #000000;font-size: 20px;text-align: justify\">El CUM se erige como un aliado gubernamental estrat\u00e9gico, el cual actualmente es miembro permanente del Consejo de la Administraci\u00f3n Municipal, y su trabajo interdisciplinario se sustenta en la integraci\u00f3n coherente con la Direcci\u00f3n de Desarrollo del propio gobierno en la gesti\u00f3n de ciencia e innovaci\u00f3n; un hecho tangible se expresa en el protagonismo asumido en el dise\u00f1o, desarrollo y evaluaci\u00f3n de la EDM. La instituci\u00f3n universitaria integra el Comit\u00e9 de Innovaci\u00f3n Municipal, el Consejo T\u00e9cnico Asesor, el Grupo de Desarrollo Territorial, el Grupo Asesor del proceso de implementaci\u00f3n de la Ley de Soberan\u00eda Alimentaria, Seguridad Alimentaria y Nutricional, el Grupo que atiende el Sistema Alimentario Local; adem\u00e1s, el CUM forma parte las plataformas multiactorales de las l\u00edneas estrat\u00e9gicas de la EDM: soberan\u00eda alimentaria, Infraestructura, rubros exportables, medio ambiente, desarrollo sociocultural comunitario; y de los grupos que atienden los ejes transversales: Comunicaci\u00f3n social e institucional; Tarea Vida (se atienen la prevenci\u00f3n de riesgos y desastres); Din\u00e1mica Socio Demogr\u00e1fica y Prevenci\u00f3n e Inclusi\u00f3n Social (atiene los programas nacionales: adelanto a mujer; contra el racismo y la discrimaci\u00f3n racial, adem\u00e1s del tratamiento a las asimetr\u00edas y brechas sociales).&nbsp;<\/span><\/p>\t\t\t\t\t\t\t\t<\/div>\n\t\t\t\t<\/div>\n\t\t\t\t\t<\/div>\n\t\t\t\t<\/div>\n\t\t<div class=\"elementor-element elementor-element-a2ce2f2 e-flex e-con-boxed e-con e-parent\" data-id=\"a2ce2f2\" data-element_type=\"container\" data-e-type=\"container\">\n\t\t\t\t\t<div class=\"e-con-inner\">\n\t\t\t\t<div class=\"elementor-element elementor-element-09f8f4d elementor-widget elementor-widget-text-editor\" data-id=\"09f8f4d\" data-element_type=\"widget\" data-e-type=\"widget\" data-widget_type=\"text-editor.default\">\n\t\t\t\t<div class=\"elementor-widget-container\">\n\t\t\t\t\t\t\t\t\t<p style=\"margin-bottom: 0px;line-height: inherit;font-size: 20px;font-style: normal;font-weight: 400;color: #000000;text-align: justify\"><span style=\"margin: 0px;padding: 0px;border: 0px;font-variant: inherit;line-height: inherit;vertical-align: baseline;font-family: inherit;font-style: inherit;font-weight: 600\">Estructura:<\/span><\/p><p style=\"margin-bottom: 0px;line-height: inherit;font-size: 20px;font-style: normal;font-weight: 400;color: #000000;text-align: justify\"><span style=\"margin: 0px;padding: 0px;border: 0px;font-variant: inherit;line-height: inherit;vertical-align: baseline;font-family: inherit;font-style: inherit;font-weight: 600\">La plantilla de cuadros (5) del CUM est\u00e1 completa y est\u00e1 estructurado de la siguiente forma:&nbsp;<\/span>Director (1); Subdirectores (2): Subdirector Docente y Subdirector de Investigaci\u00f3n y Posgrado; Jefe de Departamentos (2): Jefe de Dpto de Ciencias Naturales, Exactas y T\u00e9cnica y Jefe de Dpto de Humanidades y Sociales. En lo relacionado a la categor\u00eda cient\u00edfica de los cuadros: 2 son Doctores en Ciencias Pedag\u00f3gicas (Director y un Subdirector) y los 3 restantes Master en Ciencias.&nbsp;<span style=\"margin: 0px;padding: 0px;border: 0px;font-variant: inherit;line-height: inherit;vertical-align: baseline;font-family: inherit;font-style: inherit;font-weight: inherit\">Adem\u00e1s, la instituci\u00f3n cuenta con un Secretario Docente y un Administrador.<\/span><\/p>\t\t\t\t\t\t\t\t<\/div>\n\t\t\t\t<\/div>\n\t\t\t\t\t<\/div>\n\t\t\t\t<\/div>\n\t\t<div class=\"elementor-element elementor-element-da318ed e-flex e-con-boxed e-con e-parent\" data-id=\"da318ed\" data-element_type=\"container\" data-e-type=\"container\">\n\t\t\t\t\t<div class=\"e-con-inner\">\n\t\t\t\t<div class=\"elementor-element elementor-element-71fcc5e elementor-widget elementor-widget-text-editor\" data-id=\"71fcc5e\" data-element_type=\"widget\" data-e-type=\"widget\" data-widget_type=\"text-editor.default\">\n\t\t\t\t<div class=\"elementor-widget-container\">\n\t\t\t\t\t\t\t\t\t<p style=\"margin-bottom: 0px;line-height: inherit;font-size: 20px;font-style: normal;font-weight: 400;color: #000000;text-align: justify\"><span style=\"margin: 0px;padding: 0px;border: 0px;font-variant: inherit;line-height: inherit;vertical-align: baseline;font-family: inherit;font-style: inherit;font-weight: bold\">Estrategias de desarrollo del CUM:<\/span><\/p><ul style=\"margin: 15px 0px 15px 20px;padding: 0px;line-height: inherit;font-size: 20px;font-style: normal;font-weight: 400;color: #000000;text-align: justify\"><li style=\"font-variant: inherit;line-height: inherit;font-family: inherit;font-size: 20px\">Estrategia de formaci\u00f3n doctoral para promover el crecimiento de Doctores en Ciencias en la instituci\u00f3n y el territorio, adem\u00e1s se posee un plan de posgrado que se dise\u00f1a, dinamiza y eval\u00faa a partir de las demandas y necesidades de superaci\u00f3n y capacitaci\u00f3n.<\/li><li style=\"font-variant: inherit;line-height: inherit;font-family: inherit;font-size: 20px\"><p style=\"font-variant: inherit;line-height: inherit;font-family: inherit;font-size: 20px\">La instituci\u00f3n promueve un programa de atenci\u00f3n a las pr\u00e1cticas profesionales de 300 estudiantes de Songo La Maya que estudian en 5 universidades del pa\u00eds en 48 carreras.<\/p><\/li><li style=\"font-variant: inherit;line-height: inherit;font-family: inherit;font-size: 20px\"><p style=\"font-variant: inherit;line-height: inherit;font-family: inherit;font-size: 20px\">Adem\u00e1s el CUM consolida sus alianzas con la facultad de FITIB, espec\u00edficamente en los temas de la extensi\u00f3n universitaria mediadas por las TICs.<\/p><\/li><li style=\"font-variant: inherit;line-height: inherit;font-family: inherit;font-size: 20px\"><p style=\"font-variant: inherit;line-height: inherit;font-family: inherit;font-size: 20px\">Los profesionales del CUM avanzan en la incursi\u00f3n en otras redes acad\u00e9micas y cient\u00edficas como Centro Latinoamericano de Estudios en Epistemolog\u00eda Pedag\u00f3gica (CESPE), Google acad\u00e9mico, RersearchGate, entre otras. En sentido creciente se manifiesta la participaci\u00f3n del colectivo en eventos cient\u00edficos nacionales e internacionales.<\/p><\/li><\/ul>\t\t\t\t\t\t\t\t<\/div>\n\t\t\t\t<\/div>\n\t\t\t\t\t<\/div>\n\t\t\t\t<\/div>\n\t\t\t\t<\/div>\n\t\t","protected":false},"excerpt":{"rendered":"<p>Municipio Songo-La Maya El municipio Songo La Maya presenta una extensi\u00f3n territorial de 719.83 km2, ocupando el 11.7% de la superficie de la provincia, cuenta una poblaci\u00f3n de 90 401 habitantes distribuidos en 16 Consejos Populares y 101 Asentamientos Poblacionales, de ellos 4 con caracter\u00edsticas urbanas y 12 rurales, tiene una densidad poblacional de 125.8 [&hellip;]<\/p>\n","protected":false},"author":156,"featured_media":0,"parent":0,"menu_order":0,"comment_status":"closed","ping_status":"closed","template":"","meta":{"site-sidebar-layout":"no-sidebar","site-content-layout":"","ast-site-content-layout":"full-width-container","site-content-style":"default","site-sidebar-style":"default","ast-global-header-display":"","ast-banner-title-visibility":"","ast-main-header-display":"","ast-hfb-above-header-display":"","ast-hfb-below-header-display":"","ast-hfb-mobile-header-display":"","site-post-title":"disabled","ast-breadcrumbs-content":"","ast-featured-img":"disabled","footer-sml-layout":"","ast-disable-related-posts":"","theme-transparent-header-meta":"","adv-header-id-meta":"","stick-header-meta":"","header-above-stick-meta":"","header-main-stick-meta":"","header-below-stick-meta":"","astra-migrate-meta-layouts":"default","ast-page-background-enabled":"default","ast-page-background-meta":{"desktop":{"background-color":"var(--ast-global-color-4)","background-image":"","background-repeat":"repeat","background-position":"center center","background-size":"auto","background-attachment":"scroll","background-type":"","background-media":"","overlay-type":"","overlay-color":"","overlay-opacity":"","overlay-gradient":""},"tablet":{"background-color":"","background-image":"","background-repeat":"repeat","background-position":"center center","background-size":"auto","background-attachment":"scroll","background-type":"","background-media":"","overlay-type":"","overlay-color":"","overlay-opacity":"","overlay-gradient":""},"mobile":{"background-color":"","background-image":"","background-repeat":"repeat","background-position":"center center","background-size":"auto","background-attachment":"scroll","background-type":"","background-media":"","overlay-type":"","overlay-color":"","overlay-opacity":"","overlay-gradient":""}},"ast-content-background-meta":{"desktop":{"background-color":"var(--ast-global-color-5)","background-image":"","background-repeat":"repeat","background-position":"center center","background-size":"auto","background-attachment":"scroll","background-type":"","background-media":"","overlay-type":"","overlay-color":"","overlay-opacity":"","overlay-gradient":""},"tablet":{"background-color":"var(--ast-global-color-5)","background-image":"","background-repeat":"repeat","background-position":"center center","background-size":"auto","background-attachment":"scroll","background-type":"","background-media":"","overlay-type":"","overlay-color":"","overlay-opacity":"","overlay-gradient":""},"mobile":{"background-color":"var(--ast-global-color-5)","background-image":"","background-repeat":"repeat","background-position":"center center","background-size":"auto","background-attachment":"scroll","background-type":"","background-media":"","overlay-type":"","overlay-color":"","overlay-opacity":"","overlay-gradient":""}},"footnotes":""},"class_list":["post-10","page","type-page","status-publish","hentry"],"rttpg_featured_image_url":null,"rttpg_author":{"display_name":"carlos.leyva","author_link":"https:\/\/observatorios.uo.edu.cu\/desarrollo-local\/author\/carlos-leyva\/"},"rttpg_comment":0,"rttpg_category":null,"rttpg_excerpt":"Municipio Songo-La Maya El municipio Songo La Maya presenta una extensi\u00f3n territorial de 719.83 km2, ocupando el 11.7% de la superficie de la provincia, cuenta una poblaci\u00f3n de 90 401 habitantes distribuidos en 16 Consejos Populares y 101 Asentamientos Poblacionales, de ellos 4 con caracter\u00edsticas urbanas y 12 rurales, tiene una densidad poblacional de 125.8&hellip;","_links":{"self":[{"href":"https:\/\/observatorios.uo.edu.cu\/desarrollo-local\/wp-json\/wp\/v2\/pages\/10","targetHints":{"allow":["GET"]}}],"collection":[{"href":"https:\/\/observatorios.uo.edu.cu\/desarrollo-local\/wp-json\/wp\/v2\/pages"}],"about":[{"href":"https:\/\/observatorios.uo.edu.cu\/desarrollo-local\/wp-json\/wp\/v2\/types\/page"}],"author":[{"embeddable":true,"href":"https:\/\/observatorios.uo.edu.cu\/desarrollo-local\/wp-json\/wp\/v2\/users\/156"}],"replies":[{"embeddable":true,"href":"https:\/\/observatorios.uo.edu.cu\/desarrollo-local\/wp-json\/wp\/v2\/comments?post=10"}],"version-history":[{"count":140,"href":"https:\/\/observatorios.uo.edu.cu\/desarrollo-local\/wp-json\/wp\/v2\/pages\/10\/revisions"}],"predecessor-version":[{"id":298,"href":"https:\/\/observatorios.uo.edu.cu\/desarrollo-local\/wp-json\/wp\/v2\/pages\/10\/revisions\/298"}],"wp:attachment":[{"href":"https:\/\/observatorios.uo.edu.cu\/desarrollo-local\/wp-json\/wp\/v2\/media?parent=10"}],"curies":[{"name":"wp","href":"https:\/\/api.w.org\/{rel}","templated":true}]}}